{"id":8745,"date":"2020-11-18T13:07:39","date_gmt":"2020-11-18T18:07:39","guid":{"rendered":"http:\/\/electratherm-us.com\/?page_id=8745"},"modified":"2025-05-09T16:49:35","modified_gmt":"2025-05-09T20:49:35","slug":"gerador-de-energia","status":"publish","type":"page","link":"https:\/\/electratherm.com\/pt\/gerador-de-energia\/","title":{"rendered":"Gerador Power+"},"content":{"rendered":"<section class=\"l-section wpb_row height_large width_full with_img parallax_hor bgwidth_110\"><div class=\"l-section-img\" role=\"img\" data-img-width=\"2560\" data-img-height=\"1320\" style=\"background-image: url(https:\/\/electratherm.com\/wp-content\/uploads\/2021\/07\/AbstractBackground-min.png);background-repeat: no-repeat;\"><\/div><div class=\"l-section-h i-cf\"><div class=\"g-cols vc_row via_flex valign_top type_default stacking_default\"><div class=\"vc_col-sm-12 wpb_column vc_column_container\"><div class=\"vc_column-inner\"><div class=\"wpb_wrapper\"><div class=\"w-separator size_custom\" style=\"height:70\"><\/div><h1 class=\"w-post-elm post_title us_custom_8b3d6790 has_text_color align_center entry-title color_link_inherit\">Gerador Power+<\/h1><div class=\"w-separator size_custom\" style=\"height:70\"><\/div><\/div><\/div><\/div><\/div><\/div><\/section><section class=\"l-section wpb_row height_medium\"><div class=\"l-section-h i-cf\"><div class=\"g-cols vc_row via_flex valign_top type_default stacking_default\"><div class=\"vc_col-sm-12 wpb_column vc_column_container\"><div class=\"vc_column-inner us_custom_f1ff9891\"><div class=\"wpb_wrapper\"><div class=\"g-cols wpb_row via_flex valign_top type_default stacking_default\"><div class=\"vc_col-sm-12 wpb_column vc_column_container\"><div class=\"vc_column-inner us_custom_b8f9b8ef\"><div class=\"wpb_wrapper\"><div class=\"wpb_text_column us_custom_2774bef1\"><div class=\"wpb_wrapper\"><h2 style=\"text-align: left;\"><span style=\"color: #3aaa35;\">Solu\u00e7\u00e3o de recupera\u00e7\u00e3o de calor de \u00faltima gera\u00e7\u00e3o<\/span><\/h2>\n<\/div><\/div><div class=\"w-separator size_small\"><\/div><\/div><\/div><\/div><\/div><div class=\"g-cols wpb_row via_flex valign_top type_default stacking_default\"><div class=\"vc_col-sm-2 wpb_column vc_column_container hide_on_mobiles\"><div class=\"vc_column-inner us_custom_506f6046\"><div class=\"wpb_wrapper\"><\/div><\/div><\/div><div class=\"vc_col-sm-8 wpb_column vc_column_container\"><div class=\"vc_column-inner us_custom_f1ff9891\"><div class=\"wpb_wrapper\"><div class=\"wpb_text_column\"><div class=\"wpb_wrapper\"><p style=\"text-align: left;\">Utilizando um ciclo org\u00e2nico de Rankine (ORC) juntamente com tecnologias propriet\u00e1rias, o Power+ Generator converte fontes de calor geot\u00e9rmico e calor residual em eletricidade - sem emiss\u00f5es adicionais ou consumo de combust\u00edvel.<\/p>\n<p style=\"text-align: left;\">Os sistemas de recupera\u00e7\u00e3o de calor da ElectraTherm utilizam fontes de calor de baixa temperatura anteriormente consideradas insuficientes para a gera\u00e7\u00e3o de energia para fazer exatamente isso - gerar energia. Com unidades dispon\u00edveis em v\u00e1rios tamanhos e uma unidade maior (300 kW) em desenvolvimento, os sistemas da ElectraTherm s\u00e3o ideais para aplica\u00e7\u00f5es de pequena e m\u00e9dia escala.<\/p>\n<p>O Power+ Generator utiliza eficazmente a energia t\u00e9rmica dispon\u00edvel (excesso de calor) para produzir eletricidade limpa. Al\u00e9m disso, o sistema de recupera\u00e7\u00e3o de calor pode (1) servir como um sistema combinado de calor e energia (CHP), (2) atuar como uma alternativa de radiador com a capacidade de reduzir substancialmente ou eliminar a carga de arrefecimento, e (3) fornecer um meio rent\u00e1vel de reduzir a queima de g\u00e1s natural.<\/p>\n<p style=\"text-align: left;\">Fontes de calor a temperaturas mais elevadas - como \u00f3leos t\u00e9rmicos e gases de escape - podem ser utilizadas com a instala\u00e7\u00e3o de um permutador de calor adicional.<\/p>\n<\/div><\/div><\/div><\/div><\/div><div class=\"vc_col-sm-2 wpb_column vc_column_container hide_on_mobiles\"><div class=\"vc_column-inner\"><div class=\"wpb_wrapper\"><\/div><\/div><\/div><\/div><div class=\"w-separator size_medium\"><\/div><div class=\"w-tabs layout_hor style_trendy switch_click has_scrolling\" style=\"--sections-title-size:1em\"><div class=\"w-tabs-list items_2 align_none\"><div class=\"w-tabs-list-h\"><button class=\"w-tabs-item active\" aria-controls=\"content-1619119097217-58b39a33-6926\" aria-expanded=\"false\"><span class=\"w-tabs-item-title\">GERAR AT\u00c9 150 KW<\/span><\/button><button class=\"w-tabs-item\" aria-controls=\"content-1619180598178-60ec7f9d-1c93\" aria-expanded=\"false\"><span class=\"w-tabs-item-title\">DESTAQUES<\/span><\/button><\/div><\/div><div class=\"w-tabs-sections titles-align_none icon_chevron cpos_right\"><div class=\"w-tabs-section active\" id=\"1619119097217-58b39a33-6926\"><button class=\"w-tabs-section-header active\" aria-controls=\"content-1619119097217-58b39a33-6926\" aria-expanded=\"true\"><div class=\"w-tabs-section-title\">GERAR AT\u00c9 150 KW<\/div><div class=\"w-tabs-section-control\"><\/div><\/button><div  class=\"w-tabs-section-content us_custom_5fb9c346\" id=\"content-1619119097217-58b39a33-6926\"><div class=\"w-tabs-section-content-h i-cf\"><div class=\"g-cols wpb_row us_custom_8b8678c7 via_flex valign_top type_default stacking_default\"><div class=\"vc_col-sm-6 wpb_column vc_column_container\"><div class=\"vc_column-inner us_custom_f1ff9891\"><div class=\"wpb_wrapper\"><div class=\"wpb_text_column\"><div class=\"wpb_wrapper\">\n<table id=\"tablepress-2\" class=\"tablepress tablepress-id-2\">\n<thead>\n<tr class=\"row-1\">\n\t<th class=\"column-1\">MODELO<\/th><th class=\"column-2\">6500B<\/th><th class=\"column-3\">6500B+<\/th>\n<\/tr>\n<\/thead>\n<tbody class=\"row-hover\">\n<tr class=\"row-2\">\n\t<td class=\"column-1\">Sa\u00edda m\u00e1xima<\/td><td class=\"column-2\">125 kWe<\/td><td class=\"column-3\">150 kWe<\/td>\n<\/tr>\n<tr class=\"row-3\">\n\t<td class=\"column-1\">Entrada t\u00e9rmica<\/td><td class=\"column-2\">400 - 1700 kWth<\/td><td class=\"column-3\">400 - 2200 kWth<\/td>\n<\/tr>\n<tr class=\"row-4\">\n\t<td class=\"column-1\">Temperatura da \u00e1gua quente<\/td><td class=\"column-2\">158 - 270\u00b0F \/\/ 70 - 132\u00b0C<\/td><td class=\"column-3\">158 - 302\u00b0 \/\/ 70 - 150\u00b0C<\/td>\n<\/tr>\n<tr class=\"row-5\">\n\t<td class=\"column-1\">Fluxo de \u00e1gua quente<\/td><td class=\"column-2\">95 - 365 gpm \/\/ 3 - 25 l\/s<\/td><td class=\"column-3\">95 - 365 gpm \/\/ 3 - 25 l\/s<\/td>\n<\/tr>\n<tr class=\"row-6\">\n\t<td class=\"column-1\">Temperatura da \u00e1gua fria<\/td><td class=\"column-2\">39 - 149\u00b0F \/\/ 4 - 65\u00b0C<\/td><td class=\"column-3\">39 - 149\u00b0F \/\/ 4 - 65\u00b0C<\/td>\n<\/tr>\n<tr class=\"row-7\">\n\t<td class=\"column-1\">Fluxo de \u00e1gua fria<\/td><td class=\"column-2\">140 - 410 gpm \/\/ 9 - 26 l\/s<\/td><td class=\"column-3\">140 - 410 gpm \/\/ 9 - 26 l\/s<\/td>\n<\/tr>\n<tr class=\"row-8\">\n\t<td class=\"column-1\">Calor rejeitado<\/td><td class=\"column-2\">400 - 1600 kWth<\/td><td class=\"column-3\">400 - 2000 kWth<\/td>\n<\/tr>\n<\/tbody>\n<\/table>\n<!-- #tablepress-2 from cache -->\n<\/div><\/div><\/div><\/div><\/div><div class=\"vc_col-sm-6 wpb_column vc_column_container\"><div class=\"vc_column-inner us_custom_f1ff9891\"><div class=\"wpb_wrapper\"><div class=\"w-image align_center\"><div class=\"w-image-h\"><img decoding=\"async\" width=\"1920\" height=\"1080\" src=\"https:\/\/electratherm.com\/wp-content\/uploads\/2019\/05\/6500B_Front.png\" class=\"attachment-full size-full\" alt=\"\" loading=\"lazy\" srcset=\"https:\/\/electratherm.com\/wp-content\/uploads\/2019\/05\/6500B_Front.png 1920w, https:\/\/electratherm.com\/wp-content\/uploads\/2019\/05\/6500B_Front-300x169.png 300w, https:\/\/electratherm.com\/wp-content\/uploads\/2019\/05\/6500B_Front-1024x576.png 1024w, https:\/\/electratherm.com\/wp-content\/uploads\/2019\/05\/6500B_Front-80x45.png 80w, https:\/\/electratherm.com\/wp-content\/uploads\/2019\/05\/6500B_Front-600x338.png 600w, https:\/\/electratherm.com\/wp-content\/uploads\/2019\/05\/6500B_Front-768x432.png 768w, https:\/\/electratherm.com\/wp-content\/uploads\/2019\/05\/6500B_Front-200x113.png 200w, https:\/\/electratherm.com\/wp-content\/uploads\/2019\/05\/6500B_Front-150x84.png 150w, https:\/\/electratherm.com\/wp-content\/uploads\/2019\/05\/6500B_Front-18x10.png 18w\" sizes=\"(max-width: 1920px) 100vw, 1920px\" \/><\/div><\/div><div class=\"w-separator size_small\"><\/div><div class=\"wpb_text_column\"><div class=\"wpb_wrapper\"><p><strong><span style=\"color: #3aaa35;\">\/\/\u00a0<\/span><\/strong> Peso: 4,650 kg<br \/>\n<strong><span style=\"color: #3aaa35;\">\/\/<\/span><\/strong>\u00a0 Dimens\u00f5es: 2,0m x 3,3m x 2,5m (L*L*A)<\/p>\n<\/div><\/div><\/div><\/div><\/div><\/div><div class=\"w-separator size_medium\"><\/div><div class=\"g-cols wpb_row us_custom_564b5da8 via_flex valign_top type_default stacking_default\"><div class=\"vc_col-sm-12 wpb_column vc_column_container\"><div class=\"vc_column-inner us_custom_e7f5d98a\"><div class=\"wpb_wrapper\"><div class=\"wpb_text_column\"><div class=\"wpb_wrapper\"><p>As nossas solu\u00e7\u00f5es de recupera\u00e7\u00e3o de calor est\u00e3o dispon\u00edveis quer como unidades aut\u00f3nomas quer como sistemas totalmente integrados - dependendo da infraestrutura existente.<br \/>\nPrecisa de ajuda para determinar qual o sistema ORC mais adequado para si? Preencha o nosso <a href=\"https:\/\/electratherm.com\/pt\/pef\/\" target=\"_blank\" rel=\"noopener\">Formul\u00e1rio de avalia\u00e7\u00e3o do projeto<\/a> ou <a href=\"https:\/\/electratherm.com\/pt\/contact\/\" target=\"_blank\" rel=\"noopener\">Contactar-nos<\/a>.<\/p>\n<\/div><\/div><\/div><\/div><\/div><\/div><\/div><\/div><\/div><div class=\"w-tabs-section\" id=\"1619180598178-60ec7f9d-1c93\"><button class=\"w-tabs-section-header\" aria-controls=\"content-1619180598178-60ec7f9d-1c93\" aria-expanded=\"false\"><div class=\"w-tabs-section-title\">DESTAQUES<\/div><div class=\"w-tabs-section-control\"><\/div><\/button><div  class=\"w-tabs-section-content us_custom_5fb9c346\" id=\"content-1619180598178-60ec7f9d-1c93\"><div class=\"w-tabs-section-content-h i-cf\"><div class=\"g-cols wpb_row us_custom_8b8678c7 via_flex valign_top type_default stacking_default\"><div class=\"vc_col-sm-6 wpb_column vc_column_container\"><div class=\"vc_column-inner us_custom_f1ff9891\"><div class=\"wpb_wrapper\"><div class=\"wpb_text_column us_custom_14373e58\"><div class=\"wpb_wrapper\"><p><strong><span style=\"color: #3aaa35;\">\/\/<\/span><\/strong>\u00a0 Gera at\u00e9 150 kWe (bruto).<\/p>\n<p><span style=\"color: #3aaa35;\"><strong>\/\/<\/strong>\u00a0<\/span> Aumenta a efici\u00eancia, reduz o consumo de combust\u00edvel e as emiss\u00f5es at\u00e9 10%.<\/p>\n<p><strong><span style=\"color: #3aaa35;\">\/\/<\/span><\/strong>\u00a0 Zero emiss\u00f5es ou necessidades de combust\u00edvel f\u00f3ssil.<\/p>\n<p><strong><span style=\"color: #3aaa35;\">\/\/<\/span>\u00a0<\/strong> Sistema modular e escal\u00e1vel que pode ser ajustado para se adaptar \u00e0s necessidades em constante mudan\u00e7a.<\/p>\n<p><strong><span style=\"color: #3aaa35;\">\/\/<\/span>\u00a0<\/strong> Design simples e robusto com uma pegada m\u00ednima.<\/p>\n<p><strong><span style=\"color: #3aaa35;\">\/\/<\/span><\/strong>\u00a0 Desenvolvido em coopera\u00e7\u00e3o com o Departamento de Energia dos EUA.<\/p>\n<\/div><\/div><\/div><\/div><\/div><div class=\"vc_col-sm-6 wpb_column vc_column_container\"><div class=\"vc_column-inner us_custom_f1ff9891\"><div class=\"wpb_wrapper\"><div class=\"wpb_text_column\"><div class=\"wpb_wrapper\"><p><strong><span style=\"color: #3aaa35;\">\/\/<\/span><\/strong>\u00a0 O sistema de circuito fechado minimiza o consumo de \u00e1gua.<\/p>\n<p><strong><span style=\"color: #3aaa35;\">\/\/<\/span><\/strong>\u00a0 F\u00e1cil instala\u00e7\u00e3o com opera\u00e7\u00e3o e monitoriza\u00e7\u00e3o remotas.<\/p>\n<p><strong><span style=\"color: #3aaa35;\">\/\/<\/span><\/strong>\u00a0 Per\u00edodo de recupera\u00e7\u00e3o curto (2 a 5 anos).<\/p>\n<p><strong><span style=\"color: #3aaa35;\">\/\/<\/span><\/strong>\u00a0 Compat\u00edvel com NEMA 3R \/ IP 54, certificado CE.<\/p>\n<p><strong><span style=\"color: #3aaa35;\">\/\/<\/span><\/strong>\u00a0 Op\u00e7\u00e3o de atenua\u00e7\u00e3o de som &lt;72db a 1 metro.<\/p>\n<p><strong><span style=\"color: #3aaa35;\">\/\/<\/span><\/strong>\u00a0 Qualifica-se para incentivos de energia limpa*<\/p>\n<\/div><\/div><\/div><\/div><\/div><\/div><div class=\"w-separator size_small\"><\/div><div class=\"g-cols wpb_row us_custom_d0d04660 via_flex valign_top type_default stacking_default\"><div class=\"vc_col-sm-12 wpb_column vc_column_container\"><div class=\"vc_column-inner\"><div class=\"wpb_wrapper\"><div class=\"wpb_text_column us_custom_1b04de86\"><div class=\"wpb_wrapper\"><p>* Elegibilidade dos incentivos com base na regi\u00e3o.<\/p>\n<\/div><\/div><\/div><\/div><\/div><\/div><\/div><\/div><\/div><\/div><\/div><div class=\"w-separator size_huge\"><\/div><div class=\"g-cols wpb_row via_flex valign_top type_default stacking_default\"><div class=\"vc_col-sm-12 wpb_column vc_column_container\"><div class=\"vc_column-inner\"><div class=\"wpb_wrapper\"><div class=\"w-btn-wrapper align_center\"><a class=\"w-btn us-btn-style_1 us_custom_710bce87 has_text_color\" title=\"Servi\u00e7o de contacto\" href=\"https:\/\/electratherm.com\/pt\/downloadable-materials\/\"><span class=\"w-btn-label\">Materiais descarreg\u00e1veis<\/span><\/a><\/div><\/div><\/div><\/div><\/div><\/div><\/div><\/div><\/div><\/div><\/section><section class=\"l-section wpb_row height_medium\"><div class=\"l-section-overlay\" style=\"background:var(--color-alt-content-bg-alt)\"><\/div><div class=\"l-section-h i-cf\"><div class=\"g-cols vc_row via_flex valign_top type_default stacking_default\"><div class=\"vc_col-sm-12 wpb_column vc_column_container\"><div class=\"vc_column-inner us_custom_f1ff9891\"><div class=\"wpb_wrapper\"><div class=\"wpb_text_column us_custom_8535c5f4\"><div class=\"wpb_wrapper\"><h2><span style=\"color: #444444;\">O <span style=\"color: #3aaa35;\"><strong>POT\u00caNCIA INTELIGENTE<\/strong><\/span> DIFEREN\u00c7A<\/span><\/h2>\n<p><span style=\"color: #444444;\">A integra\u00e7\u00e3o de um expansor semi-herm\u00e9tico de duplo parafuso d\u00e1 aos sistemas ORC da ElectraTherm uma vantagem sobre as tecnologias concorrentes e abre oportunidades de mercado onde a recupera\u00e7\u00e3o de calor residual era anteriormente imposs\u00edvel ou impratic\u00e1vel.<\/span><\/p>\n<p><span style=\"color: #444444;\">O expansor personalizado, juntamente com tecnologias patenteadas e velocidades de funcionamento mais baixas, proporciona um design mais econ\u00f3mico e robusto que aumenta consideravelmente a fiabilidade e a funcionalidade. O processo ORC da ElectraTherm utiliza fontes de calor muito mais vari\u00e1veis, o que \u00e9 poss\u00edvel gra\u00e7as \u00e0 capacidade dos expansores de lidar com fluxo bif\u00e1sico \"molhado\", levando a maiores taxas de redu\u00e7\u00e3o que permitem a gera\u00e7\u00e3o cont\u00ednua de energia ao lidar com condi\u00e7\u00f5es t\u00e9rmicas inconsistentes.<\/span><\/p>\n<p><span style=\"color: #3aaa35;\"><a style=\"color: #3aaa35;\" href=\"https:\/\/electratherm.com\/pt\/smart-power\/\" target=\"_blank\" rel=\"noopener\">Para mais informa\u00e7\u00f5es sobre as capacidades do nosso sistema, clique aqui.<\/a><\/span><\/p>\n<\/div><\/div><\/div><\/div><\/div><\/div><\/div><\/section><!-- Row Backgrounds --><div class=\"upb_color\" data-bg-override=\"0\" data-bg-color=\"#0a0000\" data-fadeout=\"\" data-fadeout-percentage=\"30\" data-parallax-content=\"\" data-parallax-content-sense=\"30\" data-row-effect-mobile-disable=\"true\" data-img-parallax-mobile-disable=\"true\" data-rtl=\"false\"  data-custom-vc-row=\"\"  data-vc=\"7.9\"  data-is_old_vc=\"\"  data-theme-support=\"\"   data-overlay=\"false\" data-overlay-color=\"\" data-overlay-pattern=\"\" data-overlay-pattern-opacity=\"\" data-overlay-pattern-size=\"\"    ><\/div><section class=\"l-section wpb_row us_custom_5cd26a65 height_medium\"><div class=\"l-section-overlay\" style=\"background:var(--color-alt-content-bg-alt)\"><\/div><div class=\"l-section-h i-cf\"><div class=\"g-cols vc_row via_flex valign_top type_default stacking_default\"><div class=\"vc_col-sm-6 wpb_column vc_column_container\"><div class=\"vc_column-inner\"><div class=\"wpb_wrapper\"><div class=\"w-image align_right\"><div class=\"w-image-h\"><img decoding=\"async\" width=\"658\" height=\"374\" src=\"https:\/\/electratherm.com\/wp-content\/uploads\/2021\/04\/S_HS_HS8571_8990_043_01F_G_4C_S_M_0.png\" class=\"attachment-full size-full\" alt=\"\" loading=\"lazy\" srcset=\"https:\/\/electratherm.com\/wp-content\/uploads\/2021\/04\/S_HS_HS8571_8990_043_01F_G_4C_S_M_0.png 658w, https:\/\/electratherm.com\/wp-content\/uploads\/2021\/04\/S_HS_HS8571_8990_043_01F_G_4C_S_M_0-300x171.png 300w, https:\/\/electratherm.com\/wp-content\/uploads\/2021\/04\/S_HS_HS8571_8990_043_01F_G_4C_S_M_0-80x45.png 80w, https:\/\/electratherm.com\/wp-content\/uploads\/2021\/04\/S_HS_HS8571_8990_043_01F_G_4C_S_M_0-600x341.png 600w, https:\/\/electratherm.com\/wp-content\/uploads\/2021\/04\/S_HS_HS8571_8990_043_01F_G_4C_S_M_0-200x114.png 200w, https:\/\/electratherm.com\/wp-content\/uploads\/2021\/04\/S_HS_HS8571_8990_043_01F_G_4C_S_M_0-150x85.png 150w, https:\/\/electratherm.com\/wp-content\/uploads\/2021\/04\/S_HS_HS8571_8990_043_01F_G_4C_S_M_0-450x256.png 450w, https:\/\/electratherm.com\/wp-content\/uploads\/2021\/04\/S_HS_HS8571_8990_043_01F_G_4C_S_M_0-18x10.png 18w\" sizes=\"(max-width: 658px) 100vw, 658px\" \/><\/div><\/div><\/div><\/div><\/div><div class=\"vc_col-sm-6 wpb_column vc_column_container\"><div class=\"vc_column-inner\"><div class=\"wpb_wrapper\"><div class=\"w-image align_none\"><div class=\"w-image-h\"><img decoding=\"async\" width=\"988\" height=\"600\" src=\"https:\/\/electratherm.com\/wp-content\/uploads\/2025\/04\/waste-heat-recovery-screw-expander-cutaway-image.png\" class=\"attachment-full size-full\" alt=\"imagem em corte do expansor de parafuso para recupera\u00e7\u00e3o de calor residual\" loading=\"lazy\" srcset=\"https:\/\/electratherm.com\/wp-content\/uploads\/2025\/04\/waste-heat-recovery-screw-expander-cutaway-image.png 988w, https:\/\/electratherm.com\/wp-content\/uploads\/2025\/04\/waste-heat-recovery-screw-expander-cutaway-image-300x182.png 300w, https:\/\/electratherm.com\/wp-content\/uploads\/2025\/04\/waste-heat-recovery-screw-expander-cutaway-image-18x12.png 18w, https:\/\/electratherm.com\/wp-content\/uploads\/2025\/04\/waste-heat-recovery-screw-expander-cutaway-image-80x49.png 80w, https:\/\/electratherm.com\/wp-content\/uploads\/2025\/04\/waste-heat-recovery-screw-expander-cutaway-image-288x175.png 288w, https:\/\/electratherm.com\/wp-content\/uploads\/2025\/04\/waste-heat-recovery-screw-expander-cutaway-image-600x364.png 600w, https:\/\/electratherm.com\/wp-content\/uploads\/2025\/04\/waste-heat-recovery-screw-expander-cutaway-image-200x121.png 200w, https:\/\/electratherm.com\/wp-content\/uploads\/2025\/04\/waste-heat-recovery-screw-expander-cutaway-image-150x91.png 150w, https:\/\/electratherm.com\/wp-content\/uploads\/2025\/04\/waste-heat-recovery-screw-expander-cutaway-image-450x273.png 450w, https:\/\/electratherm.com\/wp-content\/uploads\/2025\/04\/waste-heat-recovery-screw-expander-cutaway-image-700x425.png 700w\" sizes=\"(max-width: 988px) 100vw, 988px\" \/><\/div><\/div><\/div><\/div><\/div><\/div><\/div><\/section><!-- Row Backgrounds --><div class=\"upb_color\" data-bg-override=\"0\" data-bg-color=\"#0a0000\" data-fadeout=\"\" data-fadeout-percentage=\"30\" data-parallax-content=\"\" data-parallax-content-sense=\"30\" data-row-effect-mobile-disable=\"true\" data-img-parallax-mobile-disable=\"true\" data-rtl=\"false\"  data-custom-vc-row=\"\"  data-vc=\"7.9\"  data-is_old_vc=\"\"  data-theme-support=\"\"   data-overlay=\"false\" data-overlay-color=\"\" data-overlay-pattern=\"\" data-overlay-pattern-opacity=\"\" data-overlay-pattern-size=\"\"    ><\/div><section class=\"l-section wpb_row height_medium\"><div class=\"l-section-h i-cf\"><div class=\"g-cols vc_row via_flex valign_top type_default stacking_default\"><div class=\"vc_col-sm-12 wpb_column vc_column_container\"><div class=\"vc_column-inner us_custom_547dee74\"><div class=\"wpb_wrapper\"><div class=\"g-cols wpb_row via_flex valign_top type_default stacking_default\"><div class=\"vc_col-sm-6 wpb_column vc_column_container\"><div class=\"vc_column-inner us_custom_de0a0a94\"><div class=\"wpb_wrapper\"><div class=\"ult-new-ib ult-ib-effect-style1  ult-ib-resp\" data-min-width=\"768\" data-max-width=\"900\" style=\"background:#0a0a0a;\" data-opacity=\"0.3\" data-hover-opacity=\"0.3\" ><img decoding=\"async\" class=\"ult-new-ib-img\" style=\"opacity:0.3;\" alt=\"nulo\" src=\"https:\/\/electratherm.com\/wp-content\/uploads\/2021\/07\/DOD_1100x600-min.png\"   \/><div id=\"interactive-banner-wrap-7016\" class=\"ult-new-ib-desc\" style=\"\"><h3 class=\"ult-new-ib-title ult-responsive\"  data-ultimate-target='#interactive-banner-wrap-7016 .ult-new-ib-title'  data-responsive-json-new='{\"font-size\":\"\",\"line-height\":\"\"}'  style=\"font-weight:normal;\">O DOD aumenta a efici\u00eancia do combust\u00edvel em 10%<\/h3><div class=\"ult-new-ib-content ult-responsive\"  data-ultimate-target='#interactive-banner-wrap-7016 .ult-new-ib-content'  data-responsive-json-new='{\"font-size\":\"\",\"line-height\":\"\"}'  style=\"font-weight:bold;\"><p>Em colabora\u00e7\u00e3o com o Departamento de Defesa dos Estados Unidos, a ElectraTherm encomendou um Gerador Power+ totalmente embalado e integrado a um motor de 1,1 MW. O sistema ORC foi capaz de aumentar a efici\u00eancia do combust\u00edvel em 10% e, ao mesmo tempo, compensar completamente a carga de resfriamento, servindo como uma alternativa ao radiador.<\/p><\/div><\/div><a class=\"ult-new-ib-link\" href=\"https:\/\/electratherm.com\/pt\/orc-increases-efficiency-by-ten-percent\/\"  ><\/a><\/div><\/div><\/div><\/div><div class=\"vc_col-sm-6 wpb_column vc_column_container\"><div class=\"vc_column-inner us_custom_de0a0a94\"><div class=\"wpb_wrapper\"><div class=\"ult-new-ib ult-ib-effect-style1  ult-ib-resp\" data-min-width=\"768\" data-max-width=\"900\" style=\"background:#0a0a0a;\" data-opacity=\"0.3\" data-hover-opacity=\"0.3\" ><img decoding=\"async\" class=\"ult-new-ib-img\" style=\"opacity:0.3;\" alt=\"nulo\" src=\"https:\/\/electratherm.com\/wp-content\/uploads\/2021\/07\/Merck_1100x600-min.png\"   \/><div id=\"interactive-banner-wrap-9190\" class=\"ult-new-ib-desc\" style=\"\"><h3 class=\"ult-new-ib-title ult-responsive\"  data-ultimate-target='#interactive-banner-wrap-9190 .ult-new-ib-title'  data-responsive-json-new='{\"font-size\":\"\",\"line-height\":\"\"}'  style=\"font-weight:normal;\">Calor residual industrial 24\/7<\/h3><div class=\"ult-new-ib-content ult-responsive\"  data-ultimate-target='#interactive-banner-wrap-9190 .ult-new-ib-content'  data-responsive-json-new='{\"font-size\":\"\",\"line-height\":\"\"}'  style=\"font-weight:bold;\"><p>Uma instala\u00e7\u00e3o farmac\u00eautica da Virg\u00ednia decidiu tirar partido do calor residual do seu sistema de compress\u00e3o de ar de 500 kW, instalando um \u00fanico gerador Power+ para utilizar o recurso existente. A unidade funciona 24 horas por dia, 7 dias por semana e gera 45 kW brutos, ou seja, 394 MWh por ano.<\/p><\/div><\/div><a class=\"ult-new-ib-link\" href=\"https:\/\/electratherm.com\/pt\/industrial-air-compression-heat-recovery\/\"  ><\/a><\/div><\/div><\/div><\/div><\/div><div class=\"g-cols wpb_row via_flex valign_top type_default stacking_default\"><div class=\"vc_col-sm-6 wpb_column vc_column_container\"><div class=\"vc_column-inner us_custom_547dee74\"><div class=\"wpb_wrapper\"><div class=\"ult-new-ib ult-ib-effect-style1  ult-ib-resp\" data-min-width=\"768\" data-max-width=\"900\" style=\"background:#0a0a0a;\" data-opacity=\"0.3\" data-hover-opacity=\"0.3\" ><img decoding=\"async\" class=\"ult-new-ib-img\" style=\"opacity:0.3;\" alt=\"nulo\" src=\"https:\/\/electratherm.com\/wp-content\/uploads\/2021\/07\/Florida_1100x600-min.png\"   \/><div id=\"interactive-banner-wrap-8301\" class=\"ult-new-ib-desc\" style=\"\"><h3 class=\"ult-new-ib-title ult-responsive\"  data-ultimate-target='#interactive-banner-wrap-8301 .ult-new-ib-title'  data-responsive-json-new='{\"font-size\":\"\",\"line-height\":\"\"}'  style=\"font-weight:normal;\">Energia geot\u00e9rmica a partir de fluidos co-produzidos<\/h3><div class=\"ult-new-ib-content ult-responsive\"  data-ultimate-target='#interactive-banner-wrap-8301 .ult-new-ib-content'  data-responsive-json-new='{\"font-size\":\"\",\"line-height\":\"\"}'  style=\"font-weight:bold;\"><p>Em colabora\u00e7\u00e3o com o Departamento de Energia e a Jipangu International, a ElectraTherm colocou em funcionamento uma unidade em cont\u00eaineres em uma mina em Nevada para utilizar a energia t\u00e9rmica de fluidos co-produzidos para gerar eletricidade limpa. Essa aplica\u00e7\u00e3o demonstra a capacidade do sistema de operar de forma confi\u00e1vel com pouca intera\u00e7\u00e3o manual por meio do monitoramento remoto e dos controles de opera\u00e7\u00e3o da ElectraTherm. A fonte de calor fornece \u00e1gua quente a 110\u00b0C com uma taxa de fluxo de 9,5 l\/s para gerar 65 kW brutos.<\/p><\/div><\/div><a class=\"ult-new-ib-link\" href=\"https:\/\/electratherm.com\/pt\/geothermal-in-nevada\/\"  ><\/a><\/div><\/div><\/div><\/div><div class=\"vc_col-sm-6 wpb_column vc_column_container\"><div class=\"vc_column-inner us_custom_547dee74\"><div class=\"wpb_wrapper\"><div class=\"ult-new-ib ult-ib-effect-style1  ult-ib-resp\" data-min-width=\"768\" data-max-width=\"900\" style=\"background:#0a0a0a;\" data-opacity=\"0.3\" data-hover-opacity=\"0.3\" ><img decoding=\"async\" class=\"ult-new-ib-img\" style=\"opacity:0.3;\" alt=\"nulo\" src=\"https:\/\/electratherm.com\/wp-content\/uploads\/2021\/07\/Alaska_1100x600-min.png\"   \/><div id=\"interactive-banner-wrap-3519\" class=\"ult-new-ib-desc\" style=\"\"><h3 class=\"ult-new-ib-title ult-responsive\"  data-ultimate-target='#interactive-banner-wrap-3519 .ult-new-ib-title'  data-responsive-json-new='{\"font-size\":\"\",\"line-height\":\"\"}'  style=\"font-weight:normal;\">Produ\u00e7\u00e3o de energia \u00e0 dist\u00e2ncia no Alasca<\/h3><div class=\"ult-new-ib-content ult-responsive\"  data-ultimate-target='#interactive-banner-wrap-3519 .ult-new-ib-content'  data-responsive-json-new='{\"font-size\":\"\",\"line-height\":\"\"}'  style=\"font-weight:bold;\"><p>Tr\u00eas geradores Power+ (s\u00e9rie 4400) foram instalados numa central el\u00e9ctrica em Dutch Harbor, Alasca, com o objetivo de melhorar a efici\u00eancia energ\u00e9tica. As unidades fornecem 75 kW (l\u00edquidos) ao local, bem como reduzem a carga de arrefecimento o suficiente para substituir um dos radiadores existentes. A Autoridade de Energia do Alasca estima uma poupan\u00e7a anual de energia de $250.000. Al\u00e9m disso, ao servir como alternativa ao radiador, o consumo el\u00e9trico \u00e9 reduzido em 8.000 kW mensais - poupando 6.000 gal\u00f5es de combust\u00edvel anualmente.<\/p><\/div><\/div><a class=\"ult-new-ib-link\" href=\"https:\/\/electratherm.com\/pt\/orc-prime-power-in-alaska\/\"  ><\/a><\/div><\/div><\/div><\/div><\/div><div class=\"g-cols wpb_row us_custom_547dee74 via_flex valign_top type_default stacking_default\"><div class=\"vc_col-sm-6 wpb_column vc_column_container\"><div class=\"vc_column-inner us_custom_547dee74\"><div class=\"wpb_wrapper\"><div class=\"ult-new-ib ult-ib-effect-style1  ult-ib-resp\" data-min-width=\"768\" data-max-width=\"900\" style=\"background:#0a0a0a;\" data-opacity=\"0.3\" data-hover-opacity=\"0.3\" ><img decoding=\"async\" class=\"ult-new-ib-img\" style=\"opacity:0.3;\" alt=\"nulo\" src=\"https:\/\/electratherm.com\/wp-content\/uploads\/2021\/07\/Levice_1100x600-min.png\"   \/><div id=\"interactive-banner-wrap-8905\" class=\"ult-new-ib-desc\" style=\"\"><h3 class=\"ult-new-ib-title ult-responsive\"  data-ultimate-target='#interactive-banner-wrap-8905 .ult-new-ib-title'  data-responsive-json-new='{\"font-size\":\"\",\"line-height\":\"\"}'  style=\"font-weight:normal;\">Sistema escal\u00e1vel do gerador Ten Power+<\/h3><div class=\"ult-new-ib-content ult-responsive\"  data-ultimate-target='#interactive-banner-wrap-8905 .ult-new-ib-content'  data-responsive-json-new='{\"font-size\":\"\",\"line-height\":\"\"}'  style=\"font-weight:bold;\"><p>A ElectraTherm colocou em funcionamento dez geradores Power+ (s\u00e9rie 4400) num sistema de aquecimento urbano alimentado por duas turbinas a g\u00e1s Rolls Royce em Levice, na Eslov\u00e1quia. A ElectraTherm utiliza o calor residual dos gases de escape para fornecer 500 kWe de eletricidade limpa, que \u00e9 vendida de volta \u00e0 empresa de servi\u00e7os p\u00fablicos para obter lucro.<\/p><\/div><\/div><a class=\"ult-new-ib-link\" href=\"https:\/\/electratherm.com\/pt\/district-heating-system-in-slovakia\/\"  ><\/a><\/div><\/div><\/div><\/div><div class=\"vc_col-sm-6 wpb_column vc_column_container\"><div class=\"vc_column-inner us_custom_547dee74\"><div class=\"wpb_wrapper\"><div class=\"ult-new-ib ult-ib-effect-style1  ult-ib-resp\" data-min-width=\"768\" data-max-width=\"900\" style=\"background:#0a0a0a;\" data-opacity=\"0.3\" data-hover-opacity=\"0.3\" ><img decoding=\"async\" class=\"ult-new-ib-img\" style=\"opacity:0.3;\" alt=\"nulo\" src=\"https:\/\/electratherm.com\/wp-content\/uploads\/2021\/07\/Japan1_1100x600-min.png\"   \/><div id=\"interactive-banner-wrap-8659\" class=\"ult-new-ib-desc\" style=\"\"><h3 class=\"ult-new-ib-title ult-responsive\"  data-ultimate-target='#interactive-banner-wrap-8659 .ult-new-ib-title'  data-responsive-json-new='{\"font-size\":\"\",\"line-height\":\"\"}'  style=\"font-weight:normal;\">Recupera\u00e7\u00e3o de calor geot\u00e9rmico no Jap\u00e3o<\/h3><div class=\"ult-new-ib-content ult-responsive\"  data-ultimate-target='#interactive-banner-wrap-8659 .ult-new-ib-content'  data-responsive-json-new='{\"font-size\":\"\",\"line-height\":\"\"}'  style=\"font-weight:bold;\"><p>Utilizando vapor geot\u00e9rmico de um sistema de aquecimento urbano em Beppu, Jap\u00e3o - o gerador Power+ da ElectraTherm fornece at\u00e9 60 kW. Para o Jap\u00e3o, esta produ\u00e7\u00e3o el\u00e9ctrica \u00e9 extremamente rent\u00e1vel - obtendo-se at\u00e9 $0,33 por quilowatt. Este local fornece \u00e1gua quente \u00e0 unidade a 110\u00baC com um caudal de 12 l\/s.<\/p><\/div><\/div><a class=\"ult-new-ib-link\" href=\"http:\/\/electratherm-us.com\/geothermal-heat-recovery-from-hot-springs-in-japan\/\" target=\"_blank\" rel=\"noopener\"  ><\/a><\/div><\/div><\/div><\/div><\/div><\/div><\/div><\/div><\/div><\/div><\/section><section class=\"l-section wpb_row height_medium\"><div class=\"l-section-overlay\" style=\"background:var(--color-header-top-bg)\"><\/div><div class=\"l-section-h i-cf\"><div class=\"g-cols vc_row via_flex valign_top type_default stacking_default\"><div class=\"vc_col-sm-12 wpb_column vc_column_container\"><div class=\"vc_column-inner us_custom_f1ff9891\"><div class=\"wpb_wrapper\"><div class=\"g-cols wpb_row via_flex valign_top type_default stacking_default\"><div class=\"vc_col-sm-12 wpb_column vc_column_container\"><div class=\"vc_column-inner\"><div class=\"wpb_wrapper\"><div class=\"wpb_text_column\"><div class=\"wpb_wrapper\"><h3 style=\"text-align: center;\"><span style=\"color: #ffffff;\">Bom para o ambiente<\/span><\/h3>\n<p style=\"text-align: center;\"><strong><span style=\"color: #ffffff;\">O QUE APENAS 5 GERADORES POWER+ PODEM FAZER POR SI...<\/span><\/strong><\/p>\n<\/div><\/div><\/div><\/div><\/div><\/div><div class=\"w-separator size_medium\"><\/div><div class=\"g-cols wpb_row via_flex valign_top type_default stacking_default\"><div class=\"vc_col-sm-3 wpb_column vc_column_container has_text_color\"><div class=\"vc_column-inner us_custom_8b3d6790\"><div class=\"wpb_wrapper\"><div class=\"w-separator us_custom_8b3d6790 has_text_color size_small with_line width_default thick_1 style_solid color_border align_center with_content\"><div class=\"w-separator-h\"><i class=\"fas fa-bolt\"><\/i><\/div><\/div><div class=\"wpb_text_column\"><div class=\"wpb_wrapper\"><p style=\"text-align: center;\">Ao transformar o calor residual em energia utiliz\u00e1vel, gera 4,8 GW de eletricidade limpa e compensa o equivalente a 3400 toneladas m\u00e9tricas de di\u00f3xido de carbono por ano.<\/p>\n<\/div><\/div><\/div><\/div><\/div><div class=\"vc_col-sm-3 wpb_column vc_column_container has_text_color\"><div class=\"vc_column-inner us_custom_8b3d6790\"><div class=\"wpb_wrapper\"><div class=\"w-separator us_custom_8b3d6790 has_text_color size_small with_line width_default thick_1 style_solid color_border align_center with_content\"><div class=\"w-separator-h\"><i class=\"fas fa-car\"><\/i><\/div><\/div><div class=\"wpb_text_column\"><div class=\"wpb_wrapper\"><p style=\"text-align: center;\">A sua compensa\u00e7\u00e3o anual da polui\u00e7\u00e3o equivale a retirar 740 carros da estrada ou a reduzir o consumo de gasolina em 385 000 gal\u00f5es.<\/p>\n<\/div><\/div><\/div><\/div><\/div><div class=\"vc_col-sm-3 wpb_column vc_column_container has_text_color\"><div class=\"vc_column-inner us_custom_8b3d6790\"><div class=\"wpb_wrapper\"><div class=\"w-separator us_custom_8b3d6790 has_text_color size_small with_line width_default thick_1 style_solid color_border align_center with_content\"><div class=\"w-separator-h\"><i class=\"fas fa-tree\"><\/i><\/div><\/div><div class=\"wpb_text_column\"><div class=\"wpb_wrapper\"><p style=\"text-align: center;\">A sua compensa\u00e7\u00e3o da polui\u00e7\u00e3o \u00e9 equivalente ao carbono sequestrado por uma floresta de 4.200 acres, ou 160.000 \u00e1rvores maduras.<\/p>\n<\/div><\/div><\/div><\/div><\/div><div class=\"vc_col-sm-3 wpb_column vc_column_container has_text_color\"><div class=\"vc_column-inner us_custom_8b3d6790\"><div class=\"wpb_wrapper\"><div class=\"w-separator us_custom_8b3d6790 has_text_color size_small with_line width_default thick_1 style_solid color_border align_center with_content\"><div class=\"w-separator-h\"><i class=\"fas fa-home\"><\/i><\/div><\/div><div class=\"wpb_text_column\"><div class=\"wpb_wrapper\"><p style=\"text-align: center;\">A energia limpa produzida \u00e9 equivalente \u00e0 compensa\u00e7\u00e3o das emiss\u00f5es de 620 casas que utilizam eletricidade anualmente, ou 140 000 garrafas de propano utilizadas para churrascos no quintal.<\/p>\n<\/div><\/div><\/div><\/div><\/div><\/div><div class=\"w-separator size_medium\"><\/div><div class=\"g-cols wpb_row via_flex valign_top type_default stacking_default\"><div class=\"vc_col-sm-12 wpb_column vc_column_container has_text_color\"><div class=\"vc_column-inner us_custom_8b3d6790\"><div class=\"wpb_wrapper\"><div class=\"wpb_text_column us_custom_1b04de86\"><div class=\"wpb_wrapper\"><p style=\"text-align: right;\"><em>Fonte: <a href=\"https:\/\/www.epa.gov\/energy\/greenhouse-gas-equivalencies-calculator\" target=\"_blank\" rel=\"noopener\"><span style=\"color: #ffffff;\">Equival\u00eancias de gases com efeito de estufa da EPA<\/span><br \/>\n<\/a><\/em><em>*C\u00e1lculos baseados em (5) Geradores Power+ 6500B com 110 kW l\u00edquidos cada.<\/em><\/p>\n<\/div><\/div><\/div><\/div><\/div><\/div><\/div><\/div><\/div><\/div><\/div><\/section><section class=\"l-section wpb_row height_medium\"><div class=\"l-section-h i-cf\"><div class=\"g-cols vc_row via_flex valign_top type_default stacking_default\"><div class=\"vc_col-sm-12 wpb_column vc_column_container\"><div class=\"vc_column-inner us_custom_f1ff9891\"><div class=\"wpb_wrapper\"><div class=\"g-cols wpb_row us_custom_e7f5d98a via_flex valign_top type_default stacking_default\"><div class=\"vc_col-sm-12 wpb_column vc_column_container\"><div class=\"vc_column-inner us_custom_f1ff9891\"><div class=\"wpb_wrapper\"><div class=\"wpb_text_column us_custom_f1ff9891\"><div class=\"wpb_wrapper\"><h2 style=\"text-align: center;\"><span style=\"color: #3aaa35;\">Bom para o neg\u00f3cio<\/span><\/h2>\n<h3 style=\"text-align: center;\"><span style=\"color: #3aaa35;\"><strong>Simples. Fi\u00e1vel. Rent\u00e1vel. Sustent\u00e1vel.<\/strong><\/span><\/h3>\n<\/div><\/div><div class=\"w-separator hide_on_mobiles size_huge\"><\/div><\/div><\/div><\/div><\/div><div class=\"g-cols wpb_row via_flex valign_top type_default stacking_default\"><div class=\"vc_col-sm-3 wpb_column vc_column_container\"><div class=\"vc_column-inner\"><div class=\"wpb_wrapper\"><div class=\"w-separator size_medium\"><\/div><div class=\"w-image us_custom_8f7b07a9 us_animate_this align_center\"><div class=\"w-image-h\"><img decoding=\"async\" width=\"120\" height=\"120\" src=\"https:\/\/electratherm.com\/wp-content\/uploads\/2021\/03\/SimpleIcon.png\" class=\"attachment-us_120_0 size-us_120_0\" alt=\"\" loading=\"lazy\" srcset=\"https:\/\/electratherm.com\/wp-content\/uploads\/2021\/03\/SimpleIcon.png 496w, https:\/\/electratherm.com\/wp-content\/uploads\/2021\/03\/SimpleIcon-300x300.png 300w, https:\/\/electratherm.com\/wp-content\/uploads\/2021\/03\/SimpleIcon-150x150.png 150w, https:\/\/electratherm.com\/wp-content\/uploads\/2021\/03\/SimpleIcon-80x80.png 80w, https:\/\/electratherm.com\/wp-content\/uploads\/2021\/03\/SimpleIcon-175x175.png 175w, https:\/\/electratherm.com\/wp-content\/uploads\/2021\/03\/SimpleIcon-200x200.png 200w, https:\/\/electratherm.com\/wp-content\/uploads\/2021\/03\/SimpleIcon-450x450.png 450w, https:\/\/electratherm.com\/wp-content\/uploads\/2021\/03\/SimpleIcon-12x12.png 12w\" sizes=\"(max-width: 120px) 100vw, 120px\" \/><\/div><\/div><\/div><\/div><\/div><div class=\"vc_col-sm-9 wpb_column vc_column_container\"><div class=\"vc_column-inner\"><div class=\"wpb_wrapper\"><div class=\"wpb_text_column\"><div class=\"wpb_wrapper\"><h3 style=\"text-align: left;\"><strong><span style=\"color: #3aaa35;\">Simples<\/span><\/strong><\/h3>\n<p style=\"text-align: left;\">A natureza simples e flex\u00edvel das nossas solu\u00e7\u00f5es ORC permite que sejam ajustadas para se adaptarem \u00e0s necessidades de qualquer aplica\u00e7\u00e3o. Um design robusto, modular e escal\u00e1vel permite que o sistema seja facilmente integrado nos processos existentes, permitindo ajustes futuros. A capacidade de operar com sucesso em cargas parciais com condi\u00e7\u00f5es vari\u00e1veis tamb\u00e9m significa que o sistema produzir\u00e1 eletricidade mesmo quando os seus processos n\u00e3o est\u00e3o na sua capacidade.<\/p>\n<\/div><\/div><\/div><\/div><\/div><\/div><div class=\"w-separator size_medium\"><\/div><div class=\"g-cols wpb_row via_flex valign_top type_default stacking_default\"><div class=\"vc_col-sm-3 wpb_column vc_column_container\"><div class=\"vc_column-inner\"><div class=\"wpb_wrapper\"><div class=\"w-separator size_medium\"><\/div><div class=\"w-image us_custom_8f7b07a9 us_animate_this align_center\"><div class=\"w-image-h\"><img decoding=\"async\" width=\"120\" height=\"120\" src=\"https:\/\/electratherm.com\/wp-content\/uploads\/2021\/03\/ReliableIcon.png\" class=\"attachment-us_120_0 size-us_120_0\" alt=\"\" loading=\"lazy\" srcset=\"https:\/\/electratherm.com\/wp-content\/uploads\/2021\/03\/ReliableIcon.png 496w, https:\/\/electratherm.com\/wp-content\/uploads\/2021\/03\/ReliableIcon-300x300.png 300w, https:\/\/electratherm.com\/wp-content\/uploads\/2021\/03\/ReliableIcon-150x150.png 150w, https:\/\/electratherm.com\/wp-content\/uploads\/2021\/03\/ReliableIcon-80x80.png 80w, https:\/\/electratherm.com\/wp-content\/uploads\/2021\/03\/ReliableIcon-175x175.png 175w, https:\/\/electratherm.com\/wp-content\/uploads\/2021\/03\/ReliableIcon-200x200.png 200w, https:\/\/electratherm.com\/wp-content\/uploads\/2021\/03\/ReliableIcon-450x450.png 450w, https:\/\/electratherm.com\/wp-content\/uploads\/2021\/03\/ReliableIcon-12x12.png 12w\" sizes=\"(max-width: 120px) 100vw, 120px\" \/><\/div><\/div><\/div><\/div><\/div><div class=\"vc_col-sm-9 wpb_column vc_column_container\"><div class=\"vc_column-inner\"><div class=\"wpb_wrapper\"><div class=\"wpb_text_column\"><div class=\"wpb_wrapper\"><h3 style=\"text-align: left;\"><strong><span style=\"color: #3aaa35;\">Fi\u00e1vel<\/span><\/strong><\/h3>\n<p style=\"text-align: left;\">Todos os produtos ElectraTherm passam por um rigoroso processo de testes na nossa c\u00e9lula de testes de I&amp;D de classe mundial para garantir uma fiabilidade absoluta. Os nossos t\u00e9cnicos e parceiros globais dedicados oferecem apoio total para quaisquer problemas que possa encontrar durante o ciclo de vida do produto.<\/p>\n<\/div><\/div><\/div><\/div><\/div><\/div><div class=\"w-separator size_medium\"><\/div><div class=\"g-cols wpb_row via_flex valign_top type_default stacking_default\"><div class=\"vc_col-sm-3 wpb_column vc_column_container\"><div class=\"vc_column-inner\"><div class=\"wpb_wrapper\"><div class=\"w-separator size_medium\"><\/div><div class=\"w-image us_custom_8f7b07a9 us_animate_this align_center\"><div class=\"w-image-h\"><img decoding=\"async\" width=\"120\" height=\"120\" src=\"https:\/\/electratherm.com\/wp-content\/uploads\/2021\/03\/Profitable-Icon.png\" class=\"attachment-us_120_0 size-us_120_0\" alt=\"\" loading=\"lazy\" srcset=\"https:\/\/electratherm.com\/wp-content\/uploads\/2021\/03\/Profitable-Icon.png 496w, https:\/\/electratherm.com\/wp-content\/uploads\/2021\/03\/Profitable-Icon-300x300.png 300w, https:\/\/electratherm.com\/wp-content\/uploads\/2021\/03\/Profitable-Icon-150x150.png 150w, https:\/\/electratherm.com\/wp-content\/uploads\/2021\/03\/Profitable-Icon-80x80.png 80w, https:\/\/electratherm.com\/wp-content\/uploads\/2021\/03\/Profitable-Icon-175x175.png 175w, https:\/\/electratherm.com\/wp-content\/uploads\/2021\/03\/Profitable-Icon-200x200.png 200w, https:\/\/electratherm.com\/wp-content\/uploads\/2021\/03\/Profitable-Icon-450x450.png 450w, https:\/\/electratherm.com\/wp-content\/uploads\/2021\/03\/Profitable-Icon-12x12.png 12w\" sizes=\"(max-width: 120px) 100vw, 120px\" \/><\/div><\/div><\/div><\/div><\/div><div class=\"vc_col-sm-9 wpb_column vc_column_container\"><div class=\"vc_column-inner\"><div class=\"wpb_wrapper\"><div class=\"wpb_text_column\"><div class=\"wpb_wrapper\"><h3 style=\"text-align: left;\"><span style=\"color: #3aaa35;\"><strong>Rent\u00e1vel<\/strong><\/span><\/h3>\n<p>Os nossos sistemas utilizam o calor existente como combust\u00edvel, mantendo os custos de funcionamento m\u00ednimos. A ElectraTherm converte esse calor em eletricidade limpa, imediatamente dispon\u00edvel. Isto aumenta a efici\u00eancia energ\u00e9tica - at\u00e9 10% - ao mesmo tempo que reduz substancialmente o consumo de energia, principalmente a carga de refrigera\u00e7\u00e3o. As solu\u00e7\u00f5es ORC da ElectraTherm tamb\u00e9m podem ser qualificadas para incentivos locais de sustentabilidade, al\u00e9m de permitir a funcionalidade de micro-rede em regi\u00f5es remotas. Com uma impressionante vida \u00fatil de 20 anos e um per\u00edodo de retorno do investimento de 3 a 5 anos, a economia representa um atraente retorno sobre o investimento.<\/p>\n<\/div><\/div><\/div><\/div><\/div><\/div><div class=\"w-separator size_medium\"><\/div><div class=\"g-cols wpb_row via_flex valign_top type_default stacking_default\"><div class=\"vc_col-sm-3 wpb_column vc_column_container\"><div class=\"vc_column-inner\"><div class=\"wpb_wrapper\"><div class=\"w-separator size_medium\"><\/div><div class=\"w-image us_custom_8f7b07a9 us_animate_this align_center\"><div class=\"w-image-h\"><img decoding=\"async\" width=\"120\" height=\"120\" src=\"https:\/\/electratherm.com\/wp-content\/uploads\/2021\/03\/SustainableIcon.png\" class=\"attachment-us_120_0 size-us_120_0\" alt=\"\" loading=\"lazy\" srcset=\"https:\/\/electratherm.com\/wp-content\/uploads\/2021\/03\/SustainableIcon.png 496w, https:\/\/electratherm.com\/wp-content\/uploads\/2021\/03\/SustainableIcon-300x300.png 300w, https:\/\/electratherm.com\/wp-content\/uploads\/2021\/03\/SustainableIcon-150x150.png 150w, https:\/\/electratherm.com\/wp-content\/uploads\/2021\/03\/SustainableIcon-80x80.png 80w, https:\/\/electratherm.com\/wp-content\/uploads\/2021\/03\/SustainableIcon-175x175.png 175w, https:\/\/electratherm.com\/wp-content\/uploads\/2021\/03\/SustainableIcon-200x200.png 200w, https:\/\/electratherm.com\/wp-content\/uploads\/2021\/03\/SustainableIcon-450x450.png 450w, https:\/\/electratherm.com\/wp-content\/uploads\/2021\/03\/SustainableIcon-12x12.png 12w\" sizes=\"(max-width: 120px) 100vw, 120px\" \/><\/div><\/div><\/div><\/div><\/div><div class=\"vc_col-sm-9 wpb_column vc_column_container\"><div class=\"vc_column-inner\"><div class=\"wpb_wrapper\"><div class=\"wpb_text_column\"><div class=\"wpb_wrapper\"><h3 style=\"text-align: left;\"><strong><span style=\"color: #3aaa35;\">Sustent\u00e1vel<\/span><\/strong><\/h3>\n<p style=\"text-align: left;\">Mais de 50% da energia utilizada na produ\u00e7\u00e3o de eletricidade e nos processos industriais perde-se sob a forma de calor - o que faz deste calor uma enorme fonte de energia renov\u00e1vel. Aumentar a efici\u00eancia energ\u00e9tica atrav\u00e9s da reciclagem deste calor residual em eletricidade sem emiss\u00f5es \u00e9 a forma mais f\u00e1cil de reduzir as emiss\u00f5es e atingir os objectivos de sustentabilidade.<\/p>\n<\/div><\/div><\/div><\/div><\/div><\/div><\/div><\/div><\/div><\/div><\/div><\/section><section class=\"l-section wpb_row height_medium\"><div class=\"l-section-h i-cf\"><div class=\"g-cols vc_row via_flex valign_top type_default stacking_default\"><div class=\"vc_col-sm-12 wpb_column vc_column_container\"><div class=\"vc_column-inner us_custom_6329cae9\"><div class=\"wpb_wrapper\"><div class=\"g-cols wpb_row us_custom_1fbb61ac via_flex valign_middle type_default stacking_default\"><div class=\"vc_col-sm-4 wpb_column vc_column_container\"><div class=\"vc_column-inner us_custom_dad4fece\"><div class=\"wpb_wrapper\"><div class=\"wpb_text_column us_custom_8a3c403a\"><div class=\"wpb_wrapper\"><h2 style=\"text-align: left;\"><strong><span style=\"color: #ffffff;\">Perguntas?<\/span><\/strong><\/h2>\n<\/div><\/div><\/div><\/div><\/div><div class=\"vc_col-sm-4 wpb_column vc_column_container\"><div class=\"vc_column-inner\"><div class=\"wpb_wrapper\"><div class=\"wpb_text_column us_custom_8d5aa4e2\"><div class=\"wpb_wrapper\"><p style=\"text-align: center;\"><span style=\"color: #ffffff;\">Contacte-nos para conversarmos sobre as necessidades espec\u00edficas do seu projeto.<\/span><\/p>\n<\/div><\/div><div class=\"w-btn-wrapper align_center\"><a class=\"w-btn us-btn-style_4 us_custom_3a4d6590\" href=\"https:\/\/electratherm.com\/pt\/contact\/\"><span class=\"w-btn-label\">Contactar-nos<\/span><\/a><\/div><\/div><\/div><\/div><div class=\"vc_col-sm-4 wpb_column vc_column_container\"><div class=\"vc_column-inner\"><div class=\"wpb_wrapper\"><div class=\"wpb_text_column us_custom_8d5aa4e2\"><div class=\"wpb_wrapper\"><p style=\"text-align: center;\"><span style=\"color: #ffffff;\">Utilize o nosso formul\u00e1rio de avalia\u00e7\u00e3o do projeto para iniciar o processo de estimativa.<\/span><\/p>\n<\/div><\/div><div class=\"w-btn-wrapper align_center\"><a class=\"w-btn us-btn-style_4 us_custom_e0903bfa\" href=\"https:\/\/electratherm.com\/pt\/pef\/\"><span class=\"w-btn-label\">Formul\u00e1rio de avalia\u00e7\u00e3o do projeto<\/span><\/a><\/div><\/div><\/div><\/div><\/div><\/div><\/div><\/div><\/div><\/div><\/section>","protected":false},"excerpt":{"rendered":"Power+ Generator Next Generation Heat Recovery Solution Using an organic Rankine cycle (ORC) along with proprietary technologies, the Power+ Generator converts sources of\u00a0 geothermal heat and waste heat into electricity &#8211; with no additional emissions or fuel consumption. ElectraTherm&#8217;s heat recovery systems utilize low temperature heat sources previously deemed insufficient for power generation to do...","protected":false},"author":75,"featured_media":0,"parent":0,"menu_order":0,"comment_status":"closed","ping_status":"closed","template":"","meta":{"footnotes":""},"class_list":["post-8745","page","type-page","status-publish","hentry"],"yoast_head":"<!-- This site is optimized with the Yoast SEO plugin v25.6 - https:\/\/yoast.com\/wordpress\/plugins\/seo\/ -->\n<title>Power+ Generator - ElectraTherm<\/title>\n<meta name=\"robots\" content=\"index, follow, max-snippet:-1, max-image-preview:large, max-video-preview:-1\" \/>\n<link rel=\"canonical\" href=\"https:\/\/electratherm.com\/pt\/gerador-de-energia\/\" \/>\n<meta property=\"og:locale\" content=\"pt_PT\" \/>\n<meta property=\"og:type\" content=\"article\" \/>\n<meta property=\"og:title\" content=\"Power+ Generator - ElectraTherm\" \/>\n<meta property=\"og:url\" content=\"https:\/\/electratherm.com\/pt\/gerador-de-energia\/\" \/>\n<meta property=\"og:site_name\" content=\"ElectraTherm\" \/>\n<meta property=\"article:modified_time\" content=\"2025-05-09T20:49:35+00:00\" \/>\n<meta name=\"twitter:card\" content=\"summary_large_image\" \/>\n<meta name=\"twitter:label1\" content=\"Tempo estimado de leitura\" \/>\n\t<meta name=\"twitter:data1\" content=\"7 minutos\" \/>\n<script type=\"application\/ld+json\" class=\"yoast-schema-graph\">{\"@context\":\"https:\/\/schema.org\",\"@graph\":[{\"@type\":\"WebPage\",\"@id\":\"https:\/\/electratherm.com\/power-generator\/\",\"url\":\"https:\/\/electratherm.com\/power-generator\/\",\"name\":\"Power+ Generator - ElectraTherm\",\"isPartOf\":{\"@id\":\"https:\/\/electratherm.com\/#website\"},\"datePublished\":\"2020-11-18T18:07:39+00:00\",\"dateModified\":\"2025-05-09T20:49:35+00:00\",\"breadcrumb\":{\"@id\":\"https:\/\/electratherm.com\/power-generator\/#breadcrumb\"},\"inLanguage\":\"pt-PT\",\"potentialAction\":[{\"@type\":\"ReadAction\",\"target\":[\"https:\/\/electratherm.com\/power-generator\/\"]}]},{\"@type\":\"BreadcrumbList\",\"@id\":\"https:\/\/electratherm.com\/power-generator\/#breadcrumb\",\"itemListElement\":[{\"@type\":\"ListItem\",\"position\":1,\"name\":\"Home\",\"item\":\"https:\/\/electratherm.com\/\"},{\"@type\":\"ListItem\",\"position\":2,\"name\":\"Power+ Generator\"}]},{\"@type\":\"WebSite\",\"@id\":\"https:\/\/electratherm.com\/#website\",\"url\":\"https:\/\/electratherm.com\/\",\"name\":\"ElectraTherm\",\"description\":\"\",\"potentialAction\":[{\"@type\":\"SearchAction\",\"target\":{\"@type\":\"EntryPoint\",\"urlTemplate\":\"https:\/\/electratherm.com\/?s={search_term_string}\"},\"query-input\":{\"@type\":\"PropertyValueSpecification\",\"valueRequired\":true,\"valueName\":\"search_term_string\"}}],\"inLanguage\":\"pt-PT\"}]}<\/script>\n<!-- \/ Yoast SEO plugin. -->","yoast_head_json":{"title":"Gerador Power+ - ElectraTherm","robots":{"index":"index","follow":"follow","max-snippet":"max-snippet:-1","max-image-preview":"max-image-preview:large","max-video-preview":"max-video-preview:-1"},"canonical":"https:\/\/electratherm.com\/pt\/gerador-de-energia\/","og_locale":"pt_PT","og_type":"article","og_title":"Power+ Generator - ElectraTherm","og_url":"https:\/\/electratherm.com\/pt\/gerador-de-energia\/","og_site_name":"ElectraTherm","article_modified_time":"2025-05-09T20:49:35+00:00","twitter_card":"summary_large_image","twitter_misc":{"Tempo estimado de leitura":"7 minutos"},"schema":{"@context":"https:\/\/schema.org","@graph":[{"@type":"WebPage","@id":"https:\/\/electratherm.com\/power-generator\/","url":"https:\/\/electratherm.com\/power-generator\/","name":"Gerador Power+ - ElectraTherm","isPartOf":{"@id":"https:\/\/electratherm.com\/#website"},"datePublished":"2020-11-18T18:07:39+00:00","dateModified":"2025-05-09T20:49:35+00:00","breadcrumb":{"@id":"https:\/\/electratherm.com\/power-generator\/#breadcrumb"},"inLanguage":"pt-PT","potentialAction":[{"@type":"ReadAction","target":["https:\/\/electratherm.com\/power-generator\/"]}]},{"@type":"BreadcrumbList","@id":"https:\/\/electratherm.com\/power-generator\/#breadcrumb","itemListElement":[{"@type":"ListItem","position":1,"name":"Home","item":"https:\/\/electratherm.com\/"},{"@type":"ListItem","position":2,"name":"Power+ Generator"}]},{"@type":"WebSite","@id":"https:\/\/electratherm.com\/#website","url":"https:\/\/electratherm.com\/","name":"ElectraTherm","description":"","potentialAction":[{"@type":"SearchAction","target":{"@type":"EntryPoint","urlTemplate":"https:\/\/electratherm.com\/?s={search_term_string}"},"query-input":{"@type":"PropertyValueSpecification","valueRequired":true,"valueName":"search_term_string"}}],"inLanguage":"pt-PT"}]}},"_links":{"self":[{"href":"https:\/\/electratherm.com\/pt\/wp-json\/wp\/v2\/pages\/8745"}],"collection":[{"href":"https:\/\/electratherm.com\/pt\/wp-json\/wp\/v2\/pages"}],"about":[{"href":"https:\/\/electratherm.com\/pt\/wp-json\/wp\/v2\/types\/page"}],"author":[{"embeddable":true,"href":"https:\/\/electratherm.com\/pt\/wp-json\/wp\/v2\/users\/75"}],"replies":[{"embeddable":true,"href":"https:\/\/electratherm.com\/pt\/wp-json\/wp\/v2\/comments?post=8745"}],"version-history":[{"count":104,"href":"https:\/\/electratherm.com\/pt\/wp-json\/wp\/v2\/pages\/8745\/revisions"}],"predecessor-version":[{"id":13263,"href":"https:\/\/electratherm.com\/pt\/wp-json\/wp\/v2\/pages\/8745\/revisions\/13263"}],"wp:attachment":[{"href":"https:\/\/electratherm.com\/pt\/wp-json\/wp\/v2\/media?parent=8745"}],"curies":[{"name":"wp","href":"https:\/\/api.w.org\/{rel}","templated":true}]}}